{"id":7,"date":"2015-12-18T07:26:09","date_gmt":"2015-12-18T06:26:09","guid":{"rendered":"http:\/\/hanspeter.der-webcode.de\/?page_id=7"},"modified":"2019-08-12T15:10:13","modified_gmt":"2019-08-12T13:10:13","slug":"zur-person-hans-peter-klein","status":"publish","type":"page","link":"https:\/\/www.prof-klein.eu\/en\/zur-person-hans-peter-klein\/","title":{"rendered":"About"},"content":{"rendered":"<p>An sein Studium der Biologie, Chemie und Sportwissenschaft in Bonn schloss Hans Peter Klein beide Staatsexamina f\u00fcr das Lehramt an Gymnasien an. Von 1977 bis 2001 unterrichtete er als Gymnasiallehrer. Von der Universit\u00e4t Bonn wurde Klein mit einer Arbeit \u00fcber die Morphologie, Dynamik und Physiologie endocytotischer Prozesse bei Amoeba proteus promoviert. Im Bereich der Lehramtsausbildung erhielt er von den Universit\u00e4ten K\u00f6ln und Koblenz-Landau Lehrauftr\u00e4ge f\u00fcr Zellbiologie, Elektronenmikroskopie, Protozoologie, Chemie f\u00fcr Biologen und Fachdidaktik. 2001 wurde Klein auf den Lehrstuhl f\u00fcr Didaktik der Biowissenschaften der Goethe Universit\u00e4t Frankfurt berufen.<\/p>\n<p>Seit 2006 ist er Pr\u00e4sident der Gesellschaft f\u00fcr Didaktik der Biowissenschaften (<a href=\"http:\/\/www.didaktik-biowissenschaften.de\/\">www.didaktik-biowissenschaften.de<\/a>) sowie Mitbegr\u00fcnder und Gesch\u00e4ftsf\u00fchrer der 2010 in K\u00f6ln gegr\u00fcndeten Gesellschaft f\u00fcr Bildung und Wissen (<a href=\"http:\/\/www.bildung-wissen.eu\/\">www.bildung-wissen.eu<\/a>). 2011\/2012 \u00a0war er als Gastprofessor am College of New Jersey (TCNJ) in den USA t\u00e4tig und ist seit\u00a02012 Mitglied der Bildungskommission der Gesellschaft deutscher Naturforscher und \u00c4rzte (<a href=\"http:\/\/www.gdnae.de\/\">http:\/\/www.gdnae.de\/<\/a>).<\/p>","protected":false},"excerpt":{"rendered":"<p>An sein Studium der Biologie, Chemie und Sportwissenschaft in Bonn schloss Hans Peter Klein beide Staatsexamina f\u00fcr das Lehramt an Gymnasien an. Von 1977 bis 2001 unterrichtete er als Gymnasiallehrer. Von der Universit\u00e4t Bonn wurde Klein mit einer Arbeit \u00fcber<\/p>\n","protected":false},"author":2,"featured_media":362,"parent":0,"menu_order":0,"comment_status":"closed","ping_status":"closed","template":"","meta":{"footnotes":""},"class_list":["post-7","page","type-page","status-publish","has-post-thumbnail","hentry"],"_links":{"self":[{"href":"https:\/\/www.prof-klein.eu\/en\/wp-json\/wp\/v2\/pages\/7","targetHints":{"allow":["GET"]}}],"collection":[{"href":"https:\/\/www.prof-klein.eu\/en\/wp-json\/wp\/v2\/pages"}],"about":[{"href":"https:\/\/www.prof-klein.eu\/en\/wp-json\/wp\/v2\/types\/page"}],"author":[{"embeddable":true,"href":"https:\/\/www.prof-klein.eu\/en\/wp-json\/wp\/v2\/users\/2"}],"replies":[{"embeddable":true,"href":"https:\/\/www.prof-klein.eu\/en\/wp-json\/wp\/v2\/comments?post=7"}],"version-history":[{"count":19,"href":"https:\/\/www.prof-klein.eu\/en\/wp-json\/wp\/v2\/pages\/7\/revisions"}],"predecessor-version":[{"id":928,"href":"https:\/\/www.prof-klein.eu\/en\/wp-json\/wp\/v2\/pages\/7\/revisions\/928"}],"wp:featuredmedia":[{"embeddable":true,"href":"https:\/\/www.prof-klein.eu\/en\/wp-json\/wp\/v2\/media\/362"}],"wp:attachment":[{"href":"https:\/\/www.prof-klein.eu\/en\/wp-json\/wp\/v2\/media?parent=7"}],"curies":[{"name":"wp","href":"https:\/\/api.w.org\/{rel}","templated":true}]}}