{"id":7,"date":"2015-12-18T07:26:09","date_gmt":"2015-12-18T06:26:09","guid":{"rendered":"http:\/\/hanspeter.der-webcode.de\/?page_id=7"},"modified":"2019-08-12T15:10:13","modified_gmt":"2019-08-12T13:10:13","slug":"zur-person-hans-peter-klein","status":"publish","type":"page","link":"https:\/\/www.prof-klein.eu\/de\/zur-person-hans-peter-klein\/","title":{"rendered":"Zur Person"},"content":{"rendered":"<p><img loading=\"lazy\" decoding=\"async\" class=\"alignleft wp-image-387\" src=\"http:\/\/www.prof-klein.eu\/wp-content\/uploads\/2016\/06\/Klein-TCNJ-2011-14-43-37-1000x750.jpg\" width=\"300\" height=\"225\" \/><\/p>\n<h2>Hans Peter Klein<\/h2>\n<p>studierte Biologie, Chemie und Sportwissenschaft an der Universit\u00e4t Bonn, legte beide Staatsexamina f\u00fcr das Lehramt an Gymnasien ab und promovierte 1979 in Zellbiologie. In den 80er und 90er Jahren war er als Gymnasiallehrer in NRW t\u00e4tig erhielt von den Universit\u00e4ten K\u00f6ln und Koblenz-Landau Lehrauftr\u00e4ge f\u00fcr Zellbiologie, Elektronenmikroskopie, Protozoologie, Chemie f\u00fcr Biologen und Fachdidaktik. 2001 wurde Klein auf den Lehrstuhl f\u00fcr Didaktik der Biowissenschaften der Goethe Universit\u00e4t Frankfurt berufen.<\/p>\n<p>Seit 2006 ist er Pr\u00e4sident der Gesellschaft f\u00fcr Didaktik der Biowissenschaften (<a href=\"http:\/\/www.didaktik-biowissenschaften.de\">www.didaktik-biowissenschaften.de<\/a>) sowie Mitbegr\u00fcnder und langj\u00e4hriger Gesch\u00e4ftsf\u00fchrer der Gesellschaft f\u00fcr Bildung und Wissen (<a href=\"http:\/\/www.bildung-wissen.eu\">www.bildung-wissen.eu<\/a>). 2011\/2012 \u00a0war er als Gastprofessor f\u00fcr Zellbiologie und Protozoologie am College of New Jersey (TCNJ) in den USA t\u00e4tig und ist seit 2012 Mitglied der Bildungskommission der Gesellschaft deutscher Naturforscher und \u00c4rzte (<a href=\"http:\/\/www.gdnae.de\/\">http:\/\/www.gdnae.de\/<\/a>). Hans Peter Klein ist Editor in Chief des Journals f\u00fcr Didaktik der Biowissenschaften und der Mathematik (<a href=\"http:\/\/www.didaktik-biowissenschaften.de\/j-editorial.html\">http:\/\/www.didaktik-biowissenschaften.de\/j-editorial.html<\/a>).<\/p>\n<p>In Forschung und Lehre ist er in den Bereichen Gesundheitsbildung\/Pr\u00e4vention und Umweltbildung\/Biodiversit\u00e4t und ausgewiesen und hat in diesen Bereichen seit seiner Berufung regelm\u00e4\u00dfige Lehrveranstaltungen durchgef\u00fchrt bis hin zu Exkursionen mit Studierenden auf den Spuren von Alexander von Humboldt und Charles Darwin in S\u00fcdamerika. Er ist gefragter Vortragender in allen Bildungsbereichen, veranstaltet in der \u00d6ffentlichkeit viel beachtete Tagungen und ber\u00e4t in seiner 2019 gegr\u00fcndeten Consulting zusammen mit anderen Kolleginnen und Kollegen private Interessenten sowie Politik, Unternehmen und \u00f6ffentliche Bildungseinrichtungen in den Themenschwerpunkten Gesundheit und Umwelt (<a href=\"http:\/\/www.prof-hp-klein-consulting.de\">www.prof-hp-klein-consulting.de<\/a>)<\/p>\n<p>Hans Peter Klein geh\u00f6rt dar\u00fcber hinaus zu de profiliertesten Kritikern der Bildungsentwicklungen im deutschen Bildungswesen seit PISA und Bologna und besch\u00e4ftigt sich forschungsm\u00e4\u00dfig vor allem mit den Folgen dieser Entwicklung in Form einer zunehmenden Nivellierung der Anspr\u00fcche in nahezu allen Bildungsbereichen. 2016 erschien sein viel beachtetes Buch \u201cVom Streifenh\u00f6rnchen zum Nadelstreifen \u2013 Das deutsche Bildungswesen im Kompetenztaumel\u201d und aktuell (2019) sein derzeit viel diskutiertes Werk \u201eAbitur und Bachelor f\u00fcr alle \u2013 wie ein Land seine Zukunft verspielt\u201c (<a href=\"http:\/\/www.prof-klein.eu\/de\/home\/aktuelles\/\">http:\/\/www.prof-klein.eu\/de\/home\/aktuelles\/<\/a>).<\/p>\n\t\t\t\t\t\t<style>\r\n\t\t\t\t<style>\r\n#wpsm_accordion_467 .wpsm_panel-heading{\r\n\tpadding:0px !important;\r\n}\r\n#wpsm_accordion_467 .wpsm_panel-title {\r\n\tmargin:0px !important; \r\n\ttext-transform:none !important;\r\n\tline-height: 1 !important;\r\n}\r\n#wpsm_accordion_467 .wpsm_panel-title a{\r\n\ttext-decoration:none;\r\n\toverflow:hidden;\r\n\tdisplay:block;\r\n\tpadding:0px;\r\n\tfont-size: 18px !important;\r\n\tfont-family: Open Sans !important;\r\n\tcolor:#000000 !important;\r\n\tborder-bottom:0px !important;\r\n}\r\n\r\n#wpsm_accordion_467 .wpsm_panel-title a:focus {\r\noutline: 0px !important;\r\n}\r\n\r\n#wpsm_accordion_467 .wpsm_panel-title a:hover, #wpsm_accordion_467 .wpsm_panel-title a:focus {\r\n\tcolor:#000000 !important;\r\n}\r\n#wpsm_accordion_467 .acc-a{\r\n\tcolor: #000000 !important;\r\n\tbackground-color:#e8e8e8 !important;\r\n\tborder-color: #ddd;\r\n}\r\n#wpsm_accordion_467 .wpsm_panel-default > .wpsm_panel-heading{\r\n\tcolor: #000000 !important;\r\n\tbackground-color: #e8e8e8 !important;\r\n\tborder-color: #e8e8e8 !important;\r\n\tborder-top-left-radius: 0px;\r\n\tborder-top-right-radius: 0px;\r\n}\r\n#wpsm_accordion_467 .wpsm_panel-default {\r\n\t\tborder:1px solid transparent !important;\r\n\t}\r\n#wpsm_accordion_467 {\r\n\tmargin-bottom: 20px;\r\n\toverflow: hidden;\r\n\tfloat: none;\r\n\twidth: 100%;\r\n\tdisplay: block;\r\n}\r\n#wpsm_accordion_467 .ac_title_class{\r\n\tdisplay: block;\r\n\tpadding-top: 12px;\r\n\tpadding-bottom: 12px;\r\n\tpadding-left: 15px;\r\n\tpadding-right: 15px;\r\n}\r\n#wpsm_accordion_467  .wpsm_panel {\r\n\toverflow:hidden;\r\n\t-webkit-box-shadow: 0 0px 0px rgba(0, 0, 0, .05);\r\n\tbox-shadow: 0 0px 0px rgba(0, 0, 0, .05);\r\n\t\tborder-radius: 4px;\r\n\t}\r\n#wpsm_accordion_467  .wpsm_panel + .wpsm_panel {\r\n\t\tmargin-top: 5px;\r\n\t}\r\n#wpsm_accordion_467  .wpsm_panel-body{\r\n\tbackground-color:#ffffff !important;\r\n\tcolor:#000000 !important;\r\n\tborder-top-color: #e8e8e8 !important;\r\n\tfont-size:16px !important;\r\n\tfont-family: Open Sans !important;\r\n\toverflow: hidden;\r\n\t\tborder: 2px solid #e8e8e8 !important;\r\n\t}\r\n\r\n#wpsm_accordion_467 .ac_open_cl_icon{\r\n\tbackground-color:#e8e8e8 !important;\r\n\tcolor: #000000 !important;\r\n\tfloat:right !important;\r\n\tpadding-top: 12px !important;\r\n\tpadding-bottom: 12px !important;\r\n\tline-height: 1.0 !important;\r\n\tpadding-left: 15px !important;\r\n\tpadding-right: 15px !important;\r\n\tdisplay: inline-block !important;\r\n}\r\n\r\n\t\t\t\r\n\t\t\tdiv#wpsm_accordion_467 {margin-top: 30px;}\r\ndiv#wpsm_accordion_467 .wpsm_panel-body {color: #888888!important; font-size: 15px!important; line-height: 1.5;margin-bottom: 15px;font-weight: 300;}\r\ndiv.wpsm_panel-body {margin-left: 0px; padding: 15px;}\r\nspan.ac_title_class {color: #666666;line-height: 1.4;padding-bottom: 15px;font-weight: normal;}\r\nspan.ac_open_cl_icon.fa.fa-plus {margin-top: 5px;}\r\nspan.ac_open_cl_icon.fa.fa-minus {margin-top: 5px;}<\/style>\t\r\n\t\t\t<\/style>\r\n\t\t\t<div class=\"wpsm_panel-group\" id=\"wpsm_accordion_467\" >\r\n\t\t\t\t\t\t\t\t\r\n\t\t\t\t\t<!-- Inner panel Start -->\r\n\t\t\t\t\t<div class=\"wpsm_panel wpsm_panel-default\">\r\n\t\t\t\t\t\t<div class=\"wpsm_panel-heading\" role=\"tab\" >\r\n\t\t\t\t\t\t  <h4 class=\"wpsm_panel-title\">\r\n\t\t\t\t\t\t\t<a  class=\"\"  data-toggle=\"collapse\" data-parent=\"#wpsm_accordion_467 \" href=\"javascript:void(0)\" data-target=\"#ac_467_collapse1\" onclick=\"do_resize()\">\r\n\t\t\t\t\t\t\t\t\t\t\t\t\t\t\t\t\t<span class=\"ac_open_cl_icon fa fa-plus\"><\/span>\r\n\t\t\t\t\t\t\t\t\t\r\n\t\t\t\t\t\t\t\t \r\n\t\t\t\t\t\t\t\t<span class=\"ac_title_class\">\r\n\t\t\t\t\t\t\t\t\tCurriculum Vitae in Kurzform\t\t\t\t\t\t\t\t<\/span>\r\n\t\t\t\t\t\t\t<\/a>\r\n\t\t\t\t\t\t  <\/h4>\r\n\t\t\t\t\t\t<\/div>\r\n\t\t\t\t\t\t<div id=\"ac_467_collapse1\" class=\"wpsm_panel-collapse collapse \"  >\r\n\t\t\t\t\t\t  <div class=\"wpsm_panel-body\">\r\n\t\t\t\t\t\t\t<p>An sein Studium der Biologie, Chemie und Sportwissenschaft in Bonn schloss Hans Peter Klein beide Staatsexamina f\u00fcr das Lehramt an Gymnasien an. Von 1977 bis 2001 unterrichtete er als Gymnasiallehrer. Von der Universit\u00e4t Bonn wurde Klein mit einer Arbeit \u00fcber die Morphologie, Dynamik und Physiologie endocytotischer Prozesse bei Amoeba proteus promoviert. Im Bereich der Lehramtsausbildung erhielt er von den Universit\u00e4ten K\u00f6ln und Koblenz-Landau Lehrauftr\u00e4ge f\u00fcr Zellbiologie, Elektronenmikroskopie, Protozoologie, Chemie f\u00fcr Biologen und Fachdidaktik. 2001 wurde Klein auf den Lehrstuhl f\u00fcr Didaktik der Biowissenschaften der Goethe Universit\u00e4t Frankfurt berufen.<\/p>\r\n\r\n<p>Seit 2006 ist er Pr\u00e4sident der Gesellschaft f\u00fcr Didaktik der Biowissenschaften (<a href=\"http:\/\/www.didaktik-biowissenschaften.de\/\" target=\"_blank\">www.didaktik-biowissenschaften.de<\/a>) sowie Mitbegr\u00fcnder und Gesch\u00e4ftsf\u00fchrer der 2010 in K\u00f6ln gegr\u00fcndeten Gesellschaft f\u00fcr Bildung und Wissen (<a href=\"http:\/\/www.bildung-wissen.eu\/\" target=\"_blank\">www.bildung-wissen.eu<\/a>). 2011\/2012 \u00a0war er als Gastprofessor am College of New Jersey (TCNJ) in den USA t\u00e4tig und ist seit\u00a02012 Mitglied der Bildungskommission der Gesellschaft deutscher Naturforscher und \u00c4rzte (<a href=\"http:\/\/www.gdnae.de\/\" target=\"_blank\">http:\/\/www.gdnae.de\/<\/a>).<\/p>\r\n\r\n<p>Prof. HP Klein ist Editor in Chief des Journals f\u00fcr Didaktik der Biowissenschaften und der Mathematik (<a href=\"http:\/\/www.didaktik-biowissenschaften.de\/j-editorial.html\" target=\"_blank\">http:\/\/www.didaktik-biowissenschaften.de\/j-editorial.html<\/a>).<\/p>\t\t\t\t\t\t  <\/div>\r\n\t\t\t\t\t\t<\/div>\r\n\t\t\t\t\t<\/div>\r\n\t\t\t\t\t<!-- Inner panel End -->\r\n\t\t\t\t\t\r\n\t\t\t\t\t\t\t<\/div>\r\n\t\t\t\r\n<script type=\"text\/javascript\">\r\n\t\r\n\t\tfunction do_resize(){\r\n\r\n\t\t\tvar width=jQuery( '.wpsm_panel .wpsm_panel-body iframe' ).width();\r\n\t\t\tvar height=jQuery( '.wpsm_panel .wpsm_panel-body iframe' ).height();\r\n\r\n\t\t\tvar toggleSize = true;\r\n\t\t\tjQuery('iframe').animate({\r\n\t\t\t    width: toggleSize ? width : 640,\r\n\t\t\t    height: toggleSize ? height : 360\r\n\t\t\t  }, 250);\r\n\r\n\t\t\t  toggleSize = !toggleSize;\r\n\t\t}\r\n\t\t\r\n<\/script>\t\n<h3>Redneranfragen<\/h3>\n<p>F\u00fcr Anfragen zu Vortr\u00e4gen, Veranstaltungen, Podiumsdiskussionen u.a verwenden Sie bitte das <a href=\"http:\/\/www.prof-klein.eu\/de\/kontakt\/\">Kontaktformular<\/a>.<\/p>\n<h3>Pressefotos<\/h3>\n<p><a href=\"http:\/\/www.prof-klein.eu\/wp-content\/uploads\/2016\/07\/prof_dr_hans_peter_klein_1.jpg\" target=\"_blank\" rel=\"noopener\"><img loading=\"lazy\" decoding=\"async\" class=\"alignnone wp-image-473 size-thumbnail\" src=\"http:\/\/www.prof-klein.eu\/wp-content\/uploads\/2016\/07\/prof_dr_hans_peter_klein_1-150x150.jpg\" alt=\"prof_dr_hans_peter_klein_1\" width=\"150\" height=\"150\" srcset=\"https:\/\/www.prof-klein.eu\/wp-content\/uploads\/2016\/07\/prof_dr_hans_peter_klein_1-150x150.jpg 150w, https:\/\/www.prof-klein.eu\/wp-content\/uploads\/2016\/07\/prof_dr_hans_peter_klein_1-230x230.jpg 230w, https:\/\/www.prof-klein.eu\/wp-content\/uploads\/2016\/07\/prof_dr_hans_peter_klein_1-330x330.jpg 330w\" sizes=\"auto, (max-width: 150px) 100vw, 150px\" \/><\/a>\u00a0\u00a0<a href=\"http:\/\/www.prof-klein.eu\/wp-content\/uploads\/2016\/07\/prof_dr_hans_peter_klein_2.jpg\" target=\"_blank\" rel=\"noopener\"><img loading=\"lazy\" decoding=\"async\" class=\"alignnone wp-image-474 size-thumbnail\" src=\"http:\/\/www.prof-klein.eu\/wp-content\/uploads\/2016\/07\/prof_dr_hans_peter_klein_2-150x150.jpg\" alt=\"prof_dr_hans_peter_klein_2\" width=\"150\" height=\"150\" srcset=\"https:\/\/www.prof-klein.eu\/wp-content\/uploads\/2016\/07\/prof_dr_hans_peter_klein_2-150x150.jpg 150w, https:\/\/www.prof-klein.eu\/wp-content\/uploads\/2016\/07\/prof_dr_hans_peter_klein_2-230x230.jpg 230w, https:\/\/www.prof-klein.eu\/wp-content\/uploads\/2016\/07\/prof_dr_hans_peter_klein_2-330x330.jpg 330w\" sizes=\"auto, (max-width: 150px) 100vw, 150px\" \/><\/a><\/p>","protected":false},"excerpt":{"rendered":"<p>Hans Peter Klein studierte Biologie, Chemie und Sportwissenschaft an der Universit\u00e4t Bonn, legte beide Staatsexamina f\u00fcr das Lehramt an Gymnasien ab und promovierte 1979 in Zellbiologie. In den 80er und 90er Jahren war er als Gymnasiallehrer in NRW t\u00e4tig erhielt<\/p>\n","protected":false},"author":2,"featured_media":362,"parent":0,"menu_order":0,"comment_status":"closed","ping_status":"closed","template":"","meta":{"footnotes":""},"class_list":["post-7","page","type-page","status-publish","has-post-thumbnail","hentry"],"_links":{"self":[{"href":"https:\/\/www.prof-klein.eu\/de\/wp-json\/wp\/v2\/pages\/7","targetHints":{"allow":["GET"]}}],"collection":[{"href":"https:\/\/www.prof-klein.eu\/de\/wp-json\/wp\/v2\/pages"}],"about":[{"href":"https:\/\/www.prof-klein.eu\/de\/wp-json\/wp\/v2\/types\/page"}],"author":[{"embeddable":true,"href":"https:\/\/www.prof-klein.eu\/de\/wp-json\/wp\/v2\/users\/2"}],"replies":[{"embeddable":true,"href":"https:\/\/www.prof-klein.eu\/de\/wp-json\/wp\/v2\/comments?post=7"}],"version-history":[{"count":19,"href":"https:\/\/www.prof-klein.eu\/de\/wp-json\/wp\/v2\/pages\/7\/revisions"}],"predecessor-version":[{"id":928,"href":"https:\/\/www.prof-klein.eu\/de\/wp-json\/wp\/v2\/pages\/7\/revisions\/928"}],"wp:featuredmedia":[{"embeddable":true,"href":"https:\/\/www.prof-klein.eu\/de\/wp-json\/wp\/v2\/media\/362"}],"wp:attachment":[{"href":"https:\/\/www.prof-klein.eu\/de\/wp-json\/wp\/v2\/media?parent=7"}],"curies":[{"name":"wp","href":"https:\/\/api.w.org\/{rel}","templated":true}]}}